{"id":2072,"date":"2025-01-14T20:09:34","date_gmt":"2025-01-14T18:09:34","guid":{"rendered":"https:\/\/www.alcalainmobiliaria.com\/landing\/?page_id=2072"},"modified":"2025-06-25T09:35:56","modified_gmt":"2025-06-25T07:35:56","slug":"el-balcon-de-villanueva","status":"publish","type":"page","link":"https:\/\/www.alcalainmobiliaria.com\/landing\/el-balcon-de-villanueva\/","title":{"rendered":"El balcon de Villanueva"},"content":{"rendered":"\t\t<div data-elementor-type=\"wp-page\" data-elementor-id=\"2072\" class=\"elementor elementor-2072\">\n\t\t\t\t\t\t<section class=\"elementor-section elementor-top-section elementor-element elementor-element-2bc06d72 elementor-section-full_width elementor-section-height-default elementor-section-height-default\" data-id=\"2bc06d72\" data-element_type=\"section\">\n\t\t\t\t\t\t<div class=\"elementor-container elementor-column-gap-default\">\n\t\t\t\t\t<div class=\"elementor-column elementor-col-100 elementor-top-column elementor-element elementor-element-6f0c170a\" data-id=\"6f0c170a\" data-element_type=\"column\">\n\t\t\t<div class=\"elementor-widget-wrap elementor-element-populated\">\n\t\t\t\t\t\t<section class=\"elementor-section elementor-inner-section elementor-element elementor-element-21955aff elementor-section-full_width elementor-section-content-middle elementor-section-height-default elementor-section-height-default\" data-id=\"21955aff\" data-element_type=\"section\">\n\t\t\t\t\t\t<div class=\"elementor-container elementor-column-gap-default\">\n\t\t\t\t\t<div class=\"elementor-column elementor-col-33 elementor-inner-column elementor-element elementor-element-117350ee\" data-id=\"117350ee\" data-element_type=\"column\">\n\t\t\t<div class=\"elementor-widget-wrap elementor-element-populated\">\n\t\t\t\t\t\t<div class=\"elementor-element elementor-element-6fbbc62c elementor-widget elementor-widget-image\" data-id=\"6fbbc62c\" data-element_type=\"widget\" data-widget_type=\"image.default\">\n\t\t\t\t<div class=\"elementor-widget-container\">\n\t\t\t\t\t\t\t\t\t\t\t\t\t\t\t<img decoding=\"async\" src=\"https:\/\/www.alcalainmobiliaria.com\/landing\/wp-content\/uploads\/elementor\/thumbs\/AlcalaInmobiliaria-Logo-Horizontal-q57a53goqko8939gqq54o406sraaz2aj1k66bgt6wq.png\" title=\"AlcalaInmobiliaria-Logo-Horizontal\" alt=\"AlcalaInmobiliaria-Logo-Horizontal\" loading=\"lazy\" \/>\t\t\t\t\t\t\t\t\t\t\t\t\t\t\t<\/div>\n\t\t\t\t<\/div>\n\t\t\t\t\t<\/div>\n\t\t<\/div>\n\t\t\t\t<div class=\"elementor-column elementor-col-33 elementor-inner-column elementor-element elementor-element-4944b039\" data-id=\"4944b039\" data-element_type=\"column\">\n\t\t\t<div class=\"elementor-widget-wrap elementor-element-populated\">\n\t\t\t\t\t\t<div class=\"elementor-element elementor-element-ae6bda2 elementor-widget elementor-widget-nav-menu\" data-id=\"ae6bda2\" data-element_type=\"widget\" data-widget_type=\"nav-menu.default\">\n\t\t\t\t<div class=\"elementor-widget-container\">\n\t\t\t\t\t \t\t\t\t<\/div>\n\t\t\t\t<\/div>\n\t\t\t\t\t<\/div>\n\t\t<\/div>\n\t\t\t\t<div class=\"elementor-column elementor-col-33 elementor-inner-column elementor-element elementor-element-37239a68 elementor-hidden-phone\" data-id=\"37239a68\" data-element_type=\"column\">\n\t\t\t<div class=\"elementor-widget-wrap elementor-element-populated\">\n\t\t\t\t\t\t<div class=\"elementor-element elementor-element-d896d2d elementor-view-stacked elementor-position-left elementor-widget-tablet__width-auto elementor-shape-circle elementor-mobile-position-top elementor-vertical-align-top elementor-widget elementor-widget-icon-box\" data-id=\"d896d2d\" data-element_type=\"widget\" data-widget_type=\"icon-box.default\">\n\t\t\t\t<div class=\"elementor-widget-container\">\n\t\t\t\t\t\t\t<div class=\"elementor-icon-box-wrapper\">\n\n\t\t\t\t\t\t<div class=\"elementor-icon-box-icon\">\n\t\t\t\t<span  class=\"elementor-icon\">\n\t\t\t\t<i aria-hidden=\"true\" class=\"fas fa-phone-alt\"><\/i>\t\t\t\t<\/span>\n\t\t\t<\/div>\n\t\t\t\n\t\t\t\t\t\t<div class=\"elementor-icon-box-content\">\n\n\t\t\t\t\t\t\t\t\t<h3 class=\"elementor-icon-box-title\">\n\t\t\t\t\t\t<span  >\n\t\t\t\t\t\t\tLl\u00e1manos\t\t\t\t\t\t<\/span>\n\t\t\t\t\t<\/h3>\n\t\t\t\t\n\t\t\t\t\t\t\t\t\t<p class=\"elementor-icon-box-description\">\n\t\t\t\t\t\t918 87 70 41\t\t\t\t\t<\/p>\n\t\t\t\t\n\t\t\t<\/div>\n\t\t\t\n\t\t<\/div>\n\t\t\t\t\t\t<\/div>\n\t\t\t\t<\/div>\n\t\t\t\t\t<\/div>\n\t\t<\/div>\n\t\t\t\t\t<\/div>\n\t\t<\/section>\n\t\t\t\t\t<\/div>\n\t\t<\/div>\n\t\t\t\t\t<\/div>\n\t\t<\/section>\n\t\t\t\t<section class=\"elementor-section elementor-top-section elementor-element elementor-element-3f3f83f elementor-section-full_width elementor-reverse-mobile elementor-section-height-full elementor-section-content-middle elementor-section-height-default elementor-section-items-middle\" data-id=\"3f3f83f\" data-element_type=\"section\" data-settings=\"{&quot;background_background&quot;:&quot;classic&quot;}\">\n\t\t\t\t\t\t<div class=\"elementor-container elementor-column-gap-default\">\n\t\t\t\t\t<div class=\"elementor-column elementor-col-50 elementor-top-column elementor-element elementor-element-45f06ea\" data-id=\"45f06ea\" data-element_type=\"column\">\n\t\t\t<div class=\"elementor-widget-wrap elementor-element-populated\">\n\t\t\t\t\t\t<div class=\"elementor-element elementor-element-b61d30d elementor-widget elementor-widget-spacer\" data-id=\"b61d30d\" data-element_type=\"widget\" data-widget_type=\"spacer.default\">\n\t\t\t\t<div class=\"elementor-widget-container\">\n\t\t\t\t\t\t\t<div class=\"elementor-spacer\">\n\t\t\t<div class=\"elementor-spacer-inner\"><\/div>\n\t\t<\/div>\n\t\t\t\t\t\t<\/div>\n\t\t\t\t<\/div>\n\t\t\t\t<div class=\"elementor-element elementor-element-85173b7 elementor-widget elementor-widget-image\" data-id=\"85173b7\" data-element_type=\"widget\" data-widget_type=\"image.default\">\n\t\t\t\t<div class=\"elementor-widget-container\">\n\t\t\t\t\t\t\t\t\t\t\t\t\t\t\t<img fetchpriority=\"high\" decoding=\"async\" width=\"800\" height=\"800\" src=\"https:\/\/www.alcalainmobiliaria.com\/landing\/wp-content\/uploads\/2025\/06\/ChatGPT-Image-24-jun-2025-19_34_22.png\" class=\"attachment-large size-large wp-image-2281\" alt=\"\" srcset=\"https:\/\/www.alcalainmobiliaria.com\/landing\/wp-content\/uploads\/2025\/06\/ChatGPT-Image-24-jun-2025-19_34_22.png 1024w, https:\/\/www.alcalainmobiliaria.com\/landing\/wp-content\/uploads\/2025\/06\/ChatGPT-Image-24-jun-2025-19_34_22-300x300.png 300w, https:\/\/www.alcalainmobiliaria.com\/landing\/wp-content\/uploads\/2025\/06\/ChatGPT-Image-24-jun-2025-19_34_22-150x150.png 150w, https:\/\/www.alcalainmobiliaria.com\/landing\/wp-content\/uploads\/2025\/06\/ChatGPT-Image-24-jun-2025-19_34_22-768x768.png 768w\" sizes=\"(max-width: 800px) 100vw, 800px\" \/>\t\t\t\t\t\t\t\t\t\t\t\t\t\t\t<\/div>\n\t\t\t\t<\/div>\n\t\t\t\t<div class=\"elementor-element elementor-element-3ec7a6e elementor-widget elementor-widget-spacer\" data-id=\"3ec7a6e\" data-element_type=\"widget\" data-widget_type=\"spacer.default\">\n\t\t\t\t<div class=\"elementor-widget-container\">\n\t\t\t\t\t\t\t<div class=\"elementor-spacer\">\n\t\t\t<div class=\"elementor-spacer-inner\"><\/div>\n\t\t<\/div>\n\t\t\t\t\t\t<\/div>\n\t\t\t\t<\/div>\n\t\t\t\t\t<\/div>\n\t\t<\/div>\n\t\t\t\t<div class=\"elementor-column elementor-col-50 elementor-top-column elementor-element elementor-element-bfed9f1\" data-id=\"bfed9f1\" data-element_type=\"column\">\n\t\t\t<div class=\"elementor-widget-wrap elementor-element-populated\">\n\t\t\t\t\t\t<div class=\"elementor-element elementor-element-f550fe3 elementor-widget elementor-widget-spacer\" data-id=\"f550fe3\" data-element_type=\"widget\" data-widget_type=\"spacer.default\">\n\t\t\t\t<div class=\"elementor-widget-container\">\n\t\t\t\t\t\t\t<div class=\"elementor-spacer\">\n\t\t\t<div class=\"elementor-spacer-inner\"><\/div>\n\t\t<\/div>\n\t\t\t\t\t\t<\/div>\n\t\t\t\t<\/div>\n\t\t\t\t<div class=\"elementor-element elementor-element-330afbf elementor-widget elementor-widget-spacer\" data-id=\"330afbf\" data-element_type=\"widget\" data-widget_type=\"spacer.default\">\n\t\t\t\t<div class=\"elementor-widget-container\">\n\t\t\t\t\t\t\t<div class=\"elementor-spacer\">\n\t\t\t<div class=\"elementor-spacer-inner\"><\/div>\n\t\t<\/div>\n\t\t\t\t\t\t<\/div>\n\t\t\t\t<\/div>\n\t\t\t\t\t<\/div>\n\t\t<\/div>\n\t\t\t\t\t<\/div>\n\t\t<\/section>\n\t\t\t\t<section class=\"elementor-section elementor-top-section elementor-element elementor-element-d46d6b2 elementor-section-boxed elementor-section-height-default elementor-section-height-default\" data-id=\"d46d6b2\" data-element_type=\"section\">\n\t\t\t\t\t\t<div class=\"elementor-container elementor-column-gap-default\">\n\t\t\t\t\t<div class=\"elementor-column elementor-col-50 elementor-top-column elementor-element elementor-element-b1a7470\" data-id=\"b1a7470\" data-element_type=\"column\">\n\t\t\t<div class=\"elementor-widget-wrap elementor-element-populated\">\n\t\t\t\t\t\t<section class=\"elementor-section elementor-inner-section elementor-element elementor-element-65a4248 elementor-section-boxed elementor-section-height-default elementor-section-height-default\" data-id=\"65a4248\" data-element_type=\"section\" data-settings=\"{&quot;background_background&quot;:&quot;classic&quot;}\">\n\t\t\t\t\t\t<div class=\"elementor-container elementor-column-gap-default\">\n\t\t\t\t\t<div class=\"elementor-column elementor-col-100 elementor-inner-column elementor-element elementor-element-056b40c\" data-id=\"056b40c\" data-element_type=\"column\">\n\t\t\t<div class=\"elementor-widget-wrap elementor-element-populated\">\n\t\t\t\t\t\t<div class=\"elementor-element elementor-element-31389a2 elementor-widget elementor-widget-spacer\" data-id=\"31389a2\" data-element_type=\"widget\" data-widget_type=\"spacer.default\">\n\t\t\t\t<div class=\"elementor-widget-container\">\n\t\t\t\t\t\t\t<div class=\"elementor-spacer\">\n\t\t\t<div class=\"elementor-spacer-inner\"><\/div>\n\t\t<\/div>\n\t\t\t\t\t\t<\/div>\n\t\t\t\t<\/div>\n\t\t\t\t<div class=\"elementor-element elementor-element-3b073cb elementor-widget elementor-widget-heading\" data-id=\"3b073cb\" data-element_type=\"widget\" data-widget_type=\"heading.default\">\n\t\t\t\t<div class=\"elementor-widget-container\">\n\t\t\t\t\t<h1 class=\"elementor-heading-title elementor-size-default\">El Balc\u00f3n de Villanueva<\/h1>\t\t\t\t<\/div>\n\t\t\t\t<\/div>\n\t\t\t\t<div class=\"elementor-element elementor-element-abb27cc elementor-widget elementor-widget-heading\" data-id=\"abb27cc\" data-element_type=\"widget\" data-widget_type=\"heading.default\">\n\t\t\t\t<div class=\"elementor-widget-container\">\n\t\t\t\t\t<h2 class=\"elementor-heading-title elementor-size-default\">14 chalets pareados con el m\u00e1ximo confort, calidad y estilo de vida<\/h2>\t\t\t\t<\/div>\n\t\t\t\t<\/div>\n\t\t\t\t<div class=\"elementor-element elementor-element-9634337 elementor-widget elementor-widget-heading\" data-id=\"9634337\" data-element_type=\"widget\" data-widget_type=\"heading.default\">\n\t\t\t\t<div class=\"elementor-widget-container\">\n\t\t\t\t\t<h3 class=\"elementor-heading-title elementor-size-default\"><a href=\"https:\/\/www.google.es\/maps\/place\/C.+cerro+de+Hita,+14,+19209+Villanueva+de+la+Torre,+Guadalajara\/@40.57999,-3.2995649,1736m\/data=!3m2!1e3!4b1!4m6!3m5!1s0xd424d284c648f57:0x1b7caa2878ef62c2!8m2!3d40.57999!4d-3.29699!16s%2Fg%2F11cs7njrpf?hl=es&#038;entry=ttu&#038;g_ep=EgoyMDI1MDYxNy4wIKXMDSoASAFQAw%3D%3D\">C\/CERRO DE HITA N\u00ba14<\/a><\/h3>\t\t\t\t<\/div>\n\t\t\t\t<\/div>\n\t\t\t\t<div class=\"elementor-element elementor-element-8599c93 elementor-widget elementor-widget-heading\" data-id=\"8599c93\" data-element_type=\"widget\" data-widget_type=\"heading.default\">\n\t\t\t\t<div class=\"elementor-widget-container\">\n\t\t\t\t\t<h3 class=\"elementor-heading-title elementor-size-default\">desde 285.000\u20ac<\/h3>\t\t\t\t<\/div>\n\t\t\t\t<\/div>\n\t\t\t\t<div class=\"elementor-element elementor-element-e8db1bf elementor-widget elementor-widget-heading\" data-id=\"e8db1bf\" data-element_type=\"widget\" data-widget_type=\"heading.default\">\n\t\t\t\t<div class=\"elementor-widget-container\">\n\t\t\t\t\t<h4 class=\"elementor-heading-title elementor-size-default\">Pide Precios, Planos y Memoria de calidades:<\/h4>\t\t\t\t<\/div>\n\t\t\t\t<\/div>\n\t\t\t\t<div class=\"elementor-element elementor-element-917c5cb elementor-widget elementor-widget-html\" data-id=\"917c5cb\" data-element_type=\"widget\" data-widget_type=\"html.default\">\n\t\t\t\t<div class=\"elementor-widget-container\">\n\t\t\t\t\t\n<div class=\"wpcf7 no-js\" id=\"wpcf7-f2292-o1\" lang=\"es-ES\" dir=\"ltr\" data-wpcf7-id=\"2292\">\n<div class=\"screen-reader-response\"><p role=\"status\" aria-live=\"polite\" aria-atomic=\"true\"><\/p> <ul><\/ul><\/div>\n<form action=\"\/landing\/wp-json\/wp\/v2\/pages\/2072#wpcf7-f2292-o1\" method=\"post\" class=\"wpcf7-form init\" aria-label=\"Formulario de contacto\" novalidate=\"novalidate\" data-status=\"init\">\n<fieldset class=\"hidden-fields-container\"><input type=\"hidden\" name=\"_wpcf7\" value=\"2292\" \/><input type=\"hidden\" name=\"_wpcf7_version\" value=\"6.1.4\" \/><input type=\"hidden\" name=\"_wpcf7_locale\" value=\"es_ES\" \/><input type=\"hidden\" name=\"_wpcf7_unit_tag\" value=\"wpcf7-f2292-o1\" \/><input type=\"hidden\" name=\"_wpcf7_container_post\" value=\"0\" \/><input type=\"hidden\" name=\"_wpcf7_posted_data_hash\" value=\"\" \/><input type=\"hidden\" name=\"_wpcf7_recaptcha_response\" value=\"\" \/>\n<\/fieldset>\n<div class=\"formulario-custom\">\n\t<div class=\"form-row\">\n\t\t<p><span class=\"wpcf7-form-control-wrap\" data-name=\"your-name\"><input size=\"40\" maxlength=\"400\" class=\"wpcf7-form-control wpcf7-text wpcf7-validates-as-required\" aria-required=\"true\" aria-invalid=\"false\" placeholder=\"Nombre*\" value=\"\" type=\"text\" name=\"your-name\" \/><\/span><br \/>\n<span class=\"wpcf7-form-control-wrap\" data-name=\"your-apellido\"><input size=\"40\" maxlength=\"400\" class=\"wpcf7-form-control wpcf7-text\" aria-invalid=\"false\" placeholder=\"Apellido\" value=\"\" type=\"text\" name=\"your-apellido\" \/><\/span>\n\t\t<\/p>\n\t<\/div>\n\t<div class=\"form-row\">\n\t\t<p><span class=\"wpcf7-form-control-wrap\" data-name=\"your-email\"><input size=\"40\" maxlength=\"400\" class=\"wpcf7-form-control wpcf7-email wpcf7-validates-as-required wpcf7-text wpcf7-validates-as-email\" aria-required=\"true\" aria-invalid=\"false\" placeholder=\"Email*\" value=\"\" type=\"email\" name=\"your-email\" \/><\/span><br \/>\n<span class=\"wpcf7-form-control-wrap\" data-name=\"your-tel\"><input size=\"40\" maxlength=\"400\" class=\"wpcf7-form-control wpcf7-tel wpcf7-validates-as-required wpcf7-text wpcf7-validates-as-tel\" aria-required=\"true\" aria-invalid=\"false\" placeholder=\"Tel\u00e9fono*\" value=\"\" type=\"tel\" name=\"your-tel\" \/><\/span>\n\t\t<\/p>\n\t<\/div>\n\t<div class=\"form-row\">\n\t\t<p><span class=\"wpcf7-form-control-wrap\" data-name=\"politica-privacidad\"><span class=\"wpcf7-form-control wpcf7-acceptance\"><span class=\"wpcf7-list-item\"><input type=\"checkbox\" name=\"politica-privacidad\" value=\"1\" aria-invalid=\"false\" \/><\/span><\/span><\/span> He le\u00eddo y acepto la<a href=\"https:\/\/www.alcalainmobiliaria.com\/politica-de-privacidad\/\" target=\"_blank\" rel=\"noopener\"> pol\u00edtica de privacidad<\/a>\n\t\t<\/p>\n\t<\/div>\n\t<div class=\"form-row\">\n\t\t<p><span class=\"wpcf7-form-control-wrap\" data-name=\"comunicaciones\"><span class=\"wpcf7-form-control wpcf7-acceptance\"><span class=\"wpcf7-list-item\"><input type=\"checkbox\" name=\"comunicaciones\" value=\"1\" aria-invalid=\"false\" \/><\/span><\/span><\/span> Acepto recibir comunicaciones comerciales de Alcal\u00e1 Inmobiliaria\n\t\t<\/p>\n\t<\/div>\n\t<div class=\"form-row boton\">\n\t\n\t\t<p><input class=\"wpcf7-form-control wpcf7-submit has-spinner\" type=\"submit\" value=\"ENVIAR\" \/>\n\t\t<\/p>\n\t<\/div>\n<\/div><div class=\"wpcf7-response-output\" aria-hidden=\"true\"><\/div>\n<\/form>\n<\/div>\n\t\t\t\t<\/div>\n\t\t\t\t<\/div>\n\t\t\t\t\t<\/div>\n\t\t<\/div>\n\t\t\t\t\t<\/div>\n\t\t<\/section>\n\t\t\t\t\t<\/div>\n\t\t<\/div>\n\t\t\t\t<div class=\"elementor-column elementor-col-50 elementor-top-column elementor-element elementor-element-03ce11e\" data-id=\"03ce11e\" data-element_type=\"column\">\n\t\t\t<div class=\"elementor-widget-wrap elementor-element-populated\">\n\t\t\t\t\t\t<div class=\"elementor-element elementor-element-ff88a3e elementor-widget elementor-widget-heading\" data-id=\"ff88a3e\" data-element_type=\"widget\" data-widget_type=\"heading.default\">\n\t\t\t\t<div class=\"elementor-widget-container\">\n\t\t\t\t\t<h2 class=\"elementor-heading-title elementor-size-default\"><br>\nUbicaci\u00f3n inmejorable: <br>C\/ Cerro de hita n\u00ba14, <\/h2>\t\t\t\t<\/div>\n\t\t\t\t<\/div>\n\t\t\t\t<div class=\"elementor-element elementor-element-9b091e1 elementor-widget elementor-widget-heading\" data-id=\"9b091e1\" data-element_type=\"widget\" data-widget_type=\"heading.default\">\n\t\t\t\t<div class=\"elementor-widget-container\">\n\t\t\t\t\t<h2 class=\"elementor-heading-title elementor-size-default\"><strong>Villanueva de la Torre<\/strong><\/h2>\t\t\t\t<\/div>\n\t\t\t\t<\/div>\n\t\t\t\t<div class=\"elementor-element elementor-element-e9512b6 elementor-icon-list--layout-traditional elementor-list-item-link-full_width elementor-widget elementor-widget-icon-list\" data-id=\"e9512b6\" data-element_type=\"widget\" data-widget_type=\"icon-list.default\">\n\t\t\t\t<div class=\"elementor-widget-container\">\n\t\t\t\t\t\t\t<ul class=\"elementor-icon-list-items\">\n\t\t\t\t\t\t\t<li class=\"elementor-icon-list-item\">\n\t\t\t\t\t\t\t\t\t\t\t<span class=\"elementor-icon-list-icon\">\n\t\t\t\t\t\t\t<i aria-hidden=\"true\" class=\"far fa-check-square\"><\/i>\t\t\t\t\t\t<\/span>\n\t\t\t\t\t\t\t\t\t\t<span class=\"elementor-icon-list-text\">Superficie construida: 125 m\u00b2 distribuidos en 2 plantas.<\/span>\n\t\t\t\t\t\t\t\t\t<\/li>\n\t\t\t\t\t\t\t\t<li class=\"elementor-icon-list-item\">\n\t\t\t\t\t\t\t\t\t\t\t<span class=\"elementor-icon-list-icon\">\n\t\t\t\t\t\t\t<i aria-hidden=\"true\" class=\"far fa-check-square\"><\/i>\t\t\t\t\t\t<\/span>\n\t\t\t\t\t\t\t\t\t\t<span class=\"elementor-icon-list-text\">Parcela privada: 181 m\u00b2 con espacio para jard\u00edn y parking para dos veh\u00edculos.<\/span>\n\t\t\t\t\t\t\t\t\t<\/li>\n\t\t\t\t\t\t\t\t<li class=\"elementor-icon-list-item\">\n\t\t\t\t\t\t\t\t\t\t\t<span class=\"elementor-icon-list-icon\">\n\t\t\t\t\t\t\t<i aria-hidden=\"true\" class=\"far fa-check-square\"><\/i>\t\t\t\t\t\t<\/span>\n\t\t\t\t\t\t\t\t\t\t<span class=\"elementor-icon-list-text\">Distribuci\u00f3n: 3 dormitorios , sal\u00f3n-comedor luminoso, cocina independiente 2 ba\u00f1os completos, 1 aseo<\/span>\n\t\t\t\t\t\t\t\t\t<\/li>\n\t\t\t\t\t\t<\/ul>\n\t\t\t\t\t\t<\/div>\n\t\t\t\t<\/div>\n\t\t\t\t<div class=\"elementor-element elementor-element-27bbd4b elementor-widget elementor-widget-text-editor\" data-id=\"27bbd4b\" data-element_type=\"widget\" data-widget_type=\"text-editor.default\">\n\t\t\t\t<div class=\"elementor-widget-container\">\n\t\t\t\t\t\t\t\t\t<blockquote><h3 dir=\"ltr\"><strong>ENTREGA\u00a0 EN JULIO DEL 2027<\/strong><\/h3><div dir=\"ltr\">\u00a1No pierdas esta oportunidad \u00fanica de vivir en una vivienda de obra nueva con calidades superiores y dise\u00f1o pensado para ti!<\/div><\/blockquote>\t\t\t\t\t\t\t\t<\/div>\n\t\t\t\t<\/div>\n\t\t\t\t<div class=\"elementor-element elementor-element-bff5ab4 elementor-widget elementor-widget-image\" data-id=\"bff5ab4\" data-element_type=\"widget\" data-widget_type=\"image.default\">\n\t\t\t\t<div class=\"elementor-widget-container\">\n\t\t\t\t\t\t\t\t\t\t\t\t\t\t\t<img decoding=\"async\" src=\"https:\/\/www.alcalainmobiliaria.com\/landing\/wp-content\/uploads\/elementor\/thumbs\/Parcela-Balcon-de-Villanueva-e1742461039666-r34q0k6s82kigbl2j0crycnd5t40qutjq5l2ja1ugq.jpeg\" title=\"Parcela Balc\u00f3n de Villanueva\" alt=\"Parcela Balc\u00f3n de Villanueva\" loading=\"lazy\" \/>\t\t\t\t\t\t\t\t\t\t\t\t\t\t\t<\/div>\n\t\t\t\t<\/div>\n\t\t\t\t\t<\/div>\n\t\t<\/div>\n\t\t\t\t\t<\/div>\n\t\t<\/section>\n\t\t\t\t<section class=\"elementor-section elementor-top-section elementor-element elementor-element-ccdf8bf elementor-section-boxed elementor-section-height-default elementor-section-height-default\" data-id=\"ccdf8bf\" data-element_type=\"section\">\n\t\t\t\t\t\t<div class=\"elementor-container elementor-column-gap-default\">\n\t\t\t\t\t<div class=\"elementor-column elementor-col-100 elementor-top-column elementor-element elementor-element-c7155b8\" data-id=\"c7155b8\" data-element_type=\"column\">\n\t\t\t<div class=\"elementor-widget-wrap elementor-element-populated\">\n\t\t\t\t\t\t<div class=\"elementor-element elementor-element-5d8e596 elementor-widget elementor-widget-heading\" data-id=\"5d8e596\" data-element_type=\"widget\" data-widget_type=\"heading.default\">\n\t\t\t\t<div class=\"elementor-widget-container\">\n\t\t\t\t\t<h2 class=\"elementor-heading-title elementor-size-default\">Descubre \u201cEl Balc\u00f3n de Villanueva\u201d 3\u00aa FASE<\/h2>\t\t\t\t<\/div>\n\t\t\t\t<\/div>\n\t\t\t\t<div class=\"elementor-element elementor-element-2caae3a elementor-widget elementor-widget-text-editor\" data-id=\"2caae3a\" data-element_type=\"widget\" data-widget_type=\"text-editor.default\">\n\t\t\t\t<div class=\"elementor-widget-container\">\n\t\t\t\t\t\t\t\t\t<p>Chalets pareados dise\u00f1ados para ofrecer el m\u00e1ximo confort, calidad y estilo de vida.<\/p>\t\t\t\t\t\t\t\t<\/div>\n\t\t\t\t<\/div>\n\t\t\t\t<div class=\"elementor-element elementor-element-7f1d0b4 elementor-arrows-position-inside elementor-pagination-position-outside elementor-widget elementor-widget-image-carousel\" data-id=\"7f1d0b4\" data-element_type=\"widget\" data-settings=\"{&quot;image_spacing_custom&quot;:{&quot;unit&quot;:&quot;px&quot;,&quot;size&quot;:11,&quot;sizes&quot;:[]},&quot;navigation&quot;:&quot;both&quot;,&quot;autoplay&quot;:&quot;yes&quot;,&quot;pause_on_hover&quot;:&quot;yes&quot;,&quot;pause_on_interaction&quot;:&quot;yes&quot;,&quot;autoplay_speed&quot;:5000,&quot;infinite&quot;:&quot;yes&quot;,&quot;speed&quot;:500,&quot;image_spacing_custom_tablet&quot;:{&quot;unit&quot;:&quot;px&quot;,&quot;size&quot;:&quot;&quot;,&quot;sizes&quot;:[]},&quot;image_spacing_custom_mobile&quot;:{&quot;unit&quot;:&quot;px&quot;,&quot;size&quot;:&quot;&quot;,&quot;sizes&quot;:[]}}\" data-widget_type=\"image-carousel.default\">\n\t\t\t\t<div class=\"elementor-widget-container\">\n\t\t\t\t\t\t\t<div class=\"elementor-image-carousel-wrapper swiper\" role=\"region\" aria-roledescription=\"carousel\" aria-label=\"Carrusel de im\u00e1genes\" dir=\"ltr\">\n\t\t\t<div class=\"elementor-image-carousel swiper-wrapper\" aria-live=\"off\">\n\t\t\t\t\t\t\t\t<div class=\"swiper-slide\" role=\"group\" aria-roledescription=\"slide\" aria-label=\"1 de 3\"><figure class=\"swiper-slide-inner\"><img decoding=\"async\" class=\"swiper-slide-image\" src=\"https:\/\/www.alcalainmobiliaria.com\/landing\/wp-content\/uploads\/2025\/01\/cillanueva-image0.jpeg\" alt=\"villanueva-cocina\" \/><\/figure><\/div><div class=\"swiper-slide\" role=\"group\" aria-roledescription=\"slide\" aria-label=\"2 de 3\"><figure class=\"swiper-slide-inner\"><img decoding=\"async\" class=\"swiper-slide-image\" src=\"https:\/\/www.alcalainmobiliaria.com\/landing\/wp-content\/uploads\/2025\/01\/villanueva_interior_1-1024x576.jpg\" alt=\"villanueva_interior_1\" \/><\/figure><\/div><div class=\"swiper-slide\" role=\"group\" aria-roledescription=\"slide\" aria-label=\"3 de 3\"><figure class=\"swiper-slide-inner\"><img decoding=\"async\" class=\"swiper-slide-image\" src=\"https:\/\/www.alcalainmobiliaria.com\/landing\/wp-content\/uploads\/2025\/01\/cillanueva-image5.jpeg\" alt=\"villanueva-habiracion\" \/><\/figure><\/div>\t\t\t<\/div>\n\t\t\t\t\t\t\t\t\t\t\t\t<div class=\"elementor-swiper-button elementor-swiper-button-prev\" role=\"button\" tabindex=\"0\">\n\t\t\t\t\t\t<i aria-hidden=\"true\" class=\"eicon-chevron-left\"><\/i>\t\t\t\t\t<\/div>\n\t\t\t\t\t<div class=\"elementor-swiper-button elementor-swiper-button-next\" role=\"button\" tabindex=\"0\">\n\t\t\t\t\t\t<i aria-hidden=\"true\" class=\"eicon-chevron-right\"><\/i>\t\t\t\t\t<\/div>\n\t\t\t\t\n\t\t\t\t\t\t\t\t\t<div class=\"swiper-pagination\"><\/div>\n\t\t\t\t\t\t\t\t\t<\/div>\n\t\t\t\t\t\t<\/div>\n\t\t\t\t<\/div>\n\t\t\t\t\t<\/div>\n\t\t<\/div>\n\t\t\t\t\t<\/div>\n\t\t<\/section>\n\t\t\t\t<section class=\"elementor-section elementor-top-section elementor-element elementor-element-0e6869b elementor-section-boxed elementor-section-height-default elementor-section-height-default\" data-id=\"0e6869b\" data-element_type=\"section\">\n\t\t\t\t\t\t<div class=\"elementor-container elementor-column-gap-default\">\n\t\t\t\t\t<div class=\"elementor-column elementor-col-50 elementor-top-column elementor-element elementor-element-e6fef7c\" data-id=\"e6fef7c\" data-element_type=\"column\">\n\t\t\t<div class=\"elementor-widget-wrap elementor-element-populated\">\n\t\t\t\t\t\t<div class=\"elementor-element elementor-element-def1f25 elementor-widget elementor-widget-image\" data-id=\"def1f25\" data-element_type=\"widget\" data-widget_type=\"image.default\">\n\t\t\t\t<div class=\"elementor-widget-container\">\n\t\t\t\t\t\t\t\t\t\t\t\t\t\t\t<img decoding=\"async\" width=\"640\" height=\"476\" src=\"https:\/\/www.alcalainmobiliaria.com\/landing\/wp-content\/uploads\/2025\/01\/cillanueva-image7.jpeg\" class=\"attachment-medium_large size-medium_large wp-image-2085\" alt=\"villanueva na\u00f1o\" srcset=\"https:\/\/www.alcalainmobiliaria.com\/landing\/wp-content\/uploads\/2025\/01\/cillanueva-image7.jpeg 640w, https:\/\/www.alcalainmobiliaria.com\/landing\/wp-content\/uploads\/2025\/01\/cillanueva-image7-300x223.jpeg 300w\" sizes=\"(max-width: 640px) 100vw, 640px\" \/>\t\t\t\t\t\t\t\t\t\t\t\t\t\t\t<\/div>\n\t\t\t\t<\/div>\n\t\t\t\t<div class=\"elementor-element elementor-element-25269ed elementor-widget elementor-widget-image\" data-id=\"25269ed\" data-element_type=\"widget\" data-widget_type=\"image.default\">\n\t\t\t\t<div class=\"elementor-widget-container\">\n\t\t\t\t\t\t\t\t\t\t\t\t\t\t\t<img decoding=\"async\" width=\"640\" height=\"474\" src=\"https:\/\/www.alcalainmobiliaria.com\/landing\/wp-content\/uploads\/2025\/01\/cillanueva-image4.jpeg\" class=\"attachment-medium_large size-medium_large wp-image-2082\" alt=\"villanueva cocina\" srcset=\"https:\/\/www.alcalainmobiliaria.com\/landing\/wp-content\/uploads\/2025\/01\/cillanueva-image4.jpeg 640w, https:\/\/www.alcalainmobiliaria.com\/landing\/wp-content\/uploads\/2025\/01\/cillanueva-image4-300x222.jpeg 300w\" sizes=\"(max-width: 640px) 100vw, 640px\" \/>\t\t\t\t\t\t\t\t\t\t\t\t\t\t\t<\/div>\n\t\t\t\t<\/div>\n\t\t\t\t\t<\/div>\n\t\t<\/div>\n\t\t\t\t<div class=\"elementor-column elementor-col-50 elementor-top-column elementor-element elementor-element-4e41e91\" data-id=\"4e41e91\" data-element_type=\"column\">\n\t\t\t<div class=\"elementor-widget-wrap elementor-element-populated\">\n\t\t\t\t\t\t<div class=\"elementor-element elementor-element-d6ce5b1 elementor-widget elementor-widget-heading\" data-id=\"d6ce5b1\" data-element_type=\"widget\" data-widget_type=\"heading.default\">\n\t\t\t\t<div class=\"elementor-widget-container\">\n\t\t\t\t\t<h2 class=\"elementor-heading-title elementor-size-default\"><b>Calidades Excepcionales<\/b><\/h2>\t\t\t\t<\/div>\n\t\t\t\t<\/div>\n\t\t\t\t<div class=\"elementor-element elementor-element-a23f5ec elementor-icon-list--layout-traditional elementor-list-item-link-full_width elementor-widget elementor-widget-icon-list\" data-id=\"a23f5ec\" data-element_type=\"widget\" data-widget_type=\"icon-list.default\">\n\t\t\t\t<div class=\"elementor-widget-container\">\n\t\t\t\t\t\t\t<ul class=\"elementor-icon-list-items\">\n\t\t\t\t\t\t\t<li class=\"elementor-icon-list-item\">\n\t\t\t\t\t\t\t\t\t\t\t<span class=\"elementor-icon-list-icon\">\n\t\t\t\t\t\t\t<i aria-hidden=\"true\" class=\"far fa-check-circle\"><\/i>\t\t\t\t\t\t<\/span>\n\t\t\t\t\t\t\t\t\t\t<span class=\"elementor-icon-list-text\">Dise\u00f1o exterior moderno: Fachada en tonos blanco y gris, con acabados de ladrillo cer\u00e1mico y mortero monocapa.<\/span>\n\t\t\t\t\t\t\t\t\t<\/li>\n\t\t\t\t\t\t\t\t<li class=\"elementor-icon-list-item\">\n\t\t\t\t\t\t\t\t\t\t\t<span class=\"elementor-icon-list-icon\">\n\t\t\t\t\t\t\t<i aria-hidden=\"true\" class=\"fas fa-check-circle\"><\/i>\t\t\t\t\t\t<\/span>\n\t\t\t\t\t\t\t\t\t\t<span class=\"elementor-icon-list-text\">Carpinter\u00eda exterior: Ventanas de aluminio gris antracita con rotura de puente t\u00e9rmico, doble acristalamiento y sistema de microventilaci\u00f3n.<\/span>\n\t\t\t\t\t\t\t\t\t<\/li>\n\t\t\t\t\t\t\t\t<li class=\"elementor-icon-list-item\">\n\t\t\t\t\t\t\t\t\t\t\t<span class=\"elementor-icon-list-icon\">\n\t\t\t\t\t\t\t<i aria-hidden=\"true\" class=\"far fa-check-circle\"><\/i>\t\t\t\t\t\t<\/span>\n\t\t\t\t\t\t\t\t\t\t<span class=\"elementor-icon-list-text\">Interior cuidado al detalle: Suelos de gres porcel\u00e1nico de primera calidad, pintura lisa blanca y puertas lacadas en blanco<\/span>\n\t\t\t\t\t\t\t\t\t<\/li>\n\t\t\t\t\t\t\t\t<li class=\"elementor-icon-list-item\">\n\t\t\t\t\t\t\t\t\t\t\t<span class=\"elementor-icon-list-icon\">\n\t\t\t\t\t\t\t<i aria-hidden=\"true\" class=\"fas fa-check-circle\"><\/i>\t\t\t\t\t\t<\/span>\n\t\t\t\t\t\t\t\t\t\t<span class=\"elementor-icon-list-text\">Eficiencia energ\u00e9tica: Calificaci\u00f3n energ\u00e9tica A gracias a la climatizaci\u00f3n por suelo radiante-refrescante y sistema de aerotermia.<\/span>\n\t\t\t\t\t\t\t\t\t<\/li>\n\t\t\t\t\t\t\t\t<li class=\"elementor-icon-list-item\">\n\t\t\t\t\t\t\t\t\t\t\t<span class=\"elementor-icon-list-icon\">\n\t\t\t\t\t\t\t<i aria-hidden=\"true\" class=\"far fa-check-circle\"><\/i>\t\t\t\t\t\t<\/span>\n\t\t\t\t\t\t\t\t\t\t<span class=\"elementor-icon-list-text\">Ba\u00f1os de lujo: Platos de ducha de resina, muebles con cajoneras y sanitarios de porcelana de dise\u00f1o moderno<\/span>\n\t\t\t\t\t\t\t\t\t<\/li>\n\t\t\t\t\t\t\t\t<li class=\"elementor-icon-list-item\">\n\t\t\t\t\t\t\t\t\t\t\t<span class=\"elementor-icon-list-icon\">\n\t\t\t\t\t\t\t<i aria-hidden=\"true\" class=\"fas fa-check-circle\"><\/i>\t\t\t\t\t\t<\/span>\n\t\t\t\t\t\t\t\t\t\t<span class=\"elementor-icon-list-text\">Espacios exteriores: Jard\u00edn privado con puntos de agua, electricidad y desag\u00fce; luminarias en porche y jard\u00edn trasero.<\/span>\n\t\t\t\t\t\t\t\t\t<\/li>\n\t\t\t\t\t\t<\/ul>\n\t\t\t\t\t\t<\/div>\n\t\t\t\t<\/div>\n\t\t\t\t<div class=\"elementor-element elementor-element-9125cdc elementor-widget elementor-widget-text-editor\" data-id=\"9125cdc\" data-element_type=\"widget\" data-widget_type=\"text-editor.default\">\n\t\t\t\t<div class=\"elementor-widget-container\">\n\t\t\t\t\t\t\t\t\t<blockquote>\n<div dir=\"ltr\" plerdy-tracking-id=\"25384657401\">Contacta con nosotros hoy mismo para m\u00e1s informaci\u00f3n, solicitar la memoria de calidades, precios o concertar una visita.&nbsp;<\/div><div dir=\"ltr\" plerdy-tracking-id=\"25384657401\">Pulsa en el plano para verlo con m\u00e1s detalle (PDF)<\/div>\n<\/blockquote>\t\t\t\t\t\t\t\t<\/div>\n\t\t\t\t<\/div>\n\t\t\t\t<div class=\"elementor-element elementor-element-d58f6e8 elementor-widget elementor-widget-image\" data-id=\"d58f6e8\" data-element_type=\"widget\" data-widget_type=\"image.default\">\n\t\t\t\t<div class=\"elementor-widget-container\">\n\t\t\t\t\t\t\t\t\t\t\t\t\t\t\t\t<a href=\"https:\/\/www.alcalainmobiliaria.com\/landing\/wp-content\/uploads\/2025\/01\/PLANOS-CHALETS-COLOMBIA.pdf\">\n\t\t\t\t\t\t\t<img loading=\"lazy\" decoding=\"async\" width=\"768\" height=\"1071\" src=\"https:\/\/www.alcalainmobiliaria.com\/landing\/wp-content\/uploads\/2025\/06\/IMG_8071-768x1071.jpg\" class=\"attachment-medium_large size-medium_large wp-image-2278\" alt=\"\" srcset=\"https:\/\/www.alcalainmobiliaria.com\/landing\/wp-content\/uploads\/2025\/06\/IMG_8071-768x1071.jpg 768w, https:\/\/www.alcalainmobiliaria.com\/landing\/wp-content\/uploads\/2025\/06\/IMG_8071-215x300.jpg 215w, https:\/\/www.alcalainmobiliaria.com\/landing\/wp-content\/uploads\/2025\/06\/IMG_8071-734x1024.jpg 734w, https:\/\/www.alcalainmobiliaria.com\/landing\/wp-content\/uploads\/2025\/06\/IMG_8071-1102x1536.jpg 1102w, https:\/\/www.alcalainmobiliaria.com\/landing\/wp-content\/uploads\/2025\/06\/IMG_8071.jpg 1179w\" sizes=\"(max-width: 768px) 100vw, 768px\" \/>\t\t\t\t\t\t\t\t<\/a>\n\t\t\t\t\t\t\t\t\t\t\t\t\t\t\t<\/div>\n\t\t\t\t<\/div>\n\t\t\t\t<div class=\"elementor-element elementor-element-eb32f03 elementor-widget elementor-widget-image\" data-id=\"eb32f03\" data-element_type=\"widget\" data-widget_type=\"image.default\">\n\t\t\t\t<div class=\"elementor-widget-container\">\n\t\t\t\t\t\t\t\t\t\t\t\t\t\t\t\t<a href=\"https:\/\/www.alcalainmobiliaria.com\/landing\/wp-content\/uploads\/2025\/01\/PLANOS-CHALETS-COLOMBIA.pdf\">\n\t\t\t\t\t\t\t<img loading=\"lazy\" decoding=\"async\" width=\"768\" height=\"1065\" src=\"https:\/\/www.alcalainmobiliaria.com\/landing\/wp-content\/uploads\/2025\/06\/IMG_8070-768x1065.jpg\" class=\"attachment-medium_large size-medium_large wp-image-2277\" alt=\"\" srcset=\"https:\/\/www.alcalainmobiliaria.com\/landing\/wp-content\/uploads\/2025\/06\/IMG_8070-768x1065.jpg 768w, https:\/\/www.alcalainmobiliaria.com\/landing\/wp-content\/uploads\/2025\/06\/IMG_8070-216x300.jpg 216w, https:\/\/www.alcalainmobiliaria.com\/landing\/wp-content\/uploads\/2025\/06\/IMG_8070-738x1024.jpg 738w, https:\/\/www.alcalainmobiliaria.com\/landing\/wp-content\/uploads\/2025\/06\/IMG_8070-1108x1536.jpg 1108w, https:\/\/www.alcalainmobiliaria.com\/landing\/wp-content\/uploads\/2025\/06\/IMG_8070.jpg 1179w\" sizes=\"(max-width: 768px) 100vw, 768px\" \/>\t\t\t\t\t\t\t\t<\/a>\n\t\t\t\t\t\t\t\t\t\t\t\t\t\t\t<\/div>\n\t\t\t\t<\/div>\n\t\t\t\t\t<\/div>\n\t\t<\/div>\n\t\t\t\t\t<\/div>\n\t\t<\/section>\n\t\t\t\t<section class=\"elementor-section elementor-top-section elementor-element elementor-element-789f624 elementor-section-full_width elementor-section-height-default elementor-section-height-default\" data-id=\"789f624\" data-element_type=\"section\">\n\t\t\t\t\t\t<div class=\"elementor-container elementor-column-gap-default\">\n\t\t\t\t\t<div class=\"elementor-column elementor-col-100 elementor-top-column elementor-element elementor-element-0f52706\" data-id=\"0f52706\" data-element_type=\"column\">\n\t\t\t<div class=\"elementor-widget-wrap elementor-element-populated\">\n\t\t\t\t\t\t<section class=\"elementor-section elementor-inner-section elementor-element elementor-element-5b50699 elementor-section-boxed elementor-section-height-default elementor-section-height-default\" data-id=\"5b50699\" data-element_type=\"section\">\n\t\t\t\t\t\t<div class=\"elementor-container elementor-column-gap-default\">\n\t\t\t\t\t<div class=\"elementor-column elementor-col-50 elementor-inner-column elementor-element elementor-element-8103f49\" data-id=\"8103f49\" data-element_type=\"column\">\n\t\t\t<div class=\"elementor-widget-wrap elementor-element-populated\">\n\t\t\t\t\t\t<div class=\"elementor-element elementor-element-47d2426 elementor-widget elementor-widget-image\" data-id=\"47d2426\" data-element_type=\"widget\" data-widget_type=\"image.default\">\n\t\t\t\t<div class=\"elementor-widget-container\">\n\t\t\t\t\t\t\t\t\t\t\t\t\t\t\t<img decoding=\"async\" src=\"https:\/\/www.alcalainmobiliaria.com\/landing\/wp-content\/uploads\/elementor\/thumbs\/AlcalaInmobiliaria-Logo-Horizontal-q57a53gpci25tso6s58hglid4i60nzwsoppudosbie.png\" title=\"AlcalaInmobiliaria-Logo-Horizontal\" alt=\"AlcalaInmobiliaria-Logo-Horizontal\" loading=\"lazy\" \/>\t\t\t\t\t\t\t\t\t\t\t\t\t\t\t<\/div>\n\t\t\t\t<\/div>\n\t\t\t\t<div class=\"elementor-element elementor-element-0acd070 elementor-widget elementor-widget-text-editor\" data-id=\"0acd070\" data-element_type=\"widget\" data-widget_type=\"text-editor.default\">\n\t\t\t\t<div class=\"elementor-widget-container\">\n\t\t\t\t\t\t\t\t\t<p>Alcal\u00e1 Inmobiliaria es <strong>su inmobiliaria en Alcal\u00e1 de Henares<\/strong> y <strong>el Corredor del Henares<\/strong>, desde el 2009. La <strong>empresa referente en la gesti\u00f3n de propiedades e inmuebles<\/strong>. L\u00edder tanto por el volumen de transacciones realizadas, como por el n\u00famero de clientes satisfechos que recomiendan nuestros servicios.<\/p>\t\t\t\t\t\t\t\t<\/div>\n\t\t\t\t<\/div>\n\t\t\t\t<div class=\"elementor-element elementor-element-acad341 elementor-widget elementor-widget-heading\" data-id=\"acad341\" data-element_type=\"widget\" data-widget_type=\"heading.default\">\n\t\t\t\t<div class=\"elementor-widget-container\">\n\t\t\t\t\t<h6 class=\"elementor-heading-title elementor-size-default\">CONTACTA CON NOSOTROS<\/h6>\t\t\t\t<\/div>\n\t\t\t\t<\/div>\n\t\t\t\t<div class=\"elementor-element elementor-element-95cf1af elementor-widget elementor-widget-text-editor\" data-id=\"95cf1af\" data-element_type=\"widget\" data-widget_type=\"text-editor.default\">\n\t\t\t\t<div class=\"elementor-widget-container\">\n\t\t\t\t\t\t\t\t\t<p>918 87 70 41<\/p>\t\t\t\t\t\t\t\t<\/div>\n\t\t\t\t<\/div>\n\t\t\t\t<div class=\"elementor-element elementor-element-619e2f6 elementor-widget elementor-widget-text-editor\" data-id=\"619e2f6\" data-element_type=\"widget\" data-widget_type=\"text-editor.default\">\n\t\t\t\t<div class=\"elementor-widget-container\">\n\t\t\t\t\t\t\t\t\t<p>info@alcalainmobiliaria.com<\/p>\t\t\t\t\t\t\t\t<\/div>\n\t\t\t\t<\/div>\n\t\t\t\t<div class=\"elementor-element elementor-element-ff4d1b7 elementor-widget elementor-widget-text-editor\" data-id=\"ff4d1b7\" data-element_type=\"widget\" data-widget_type=\"text-editor.default\">\n\t\t\t\t<div class=\"elementor-widget-container\">\n\t\t\t\t\t\t\t\t\t<p>Calle Tinte, 5. 28801 &#8211; Alcal\u00e1 de Henares<\/p><p>Calle Chorrera, 6. 28890 &#8211; Loeches<\/p>\t\t\t\t\t\t\t\t<\/div>\n\t\t\t\t<\/div>\n\t\t\t\t\t<\/div>\n\t\t<\/div>\n\t\t\t\t<div class=\"elementor-column elementor-col-50 elementor-inner-column elementor-element elementor-element-5428f35\" data-id=\"5428f35\" data-element_type=\"column\">\n\t\t\t<div class=\"elementor-widget-wrap elementor-element-populated\">\n\t\t\t\t\t\t<div class=\"elementor-element elementor-element-9403853 elementor-widget elementor-widget-counter\" data-id=\"9403853\" data-element_type=\"widget\" data-widget_type=\"counter.default\">\n\t\t\t\t<div class=\"elementor-widget-container\">\n\t\t\t\t\t\t\t<div class=\"elementor-counter\">\n\t\t\t\t\t\t<div class=\"elementor-counter-number-wrapper\">\n\t\t\t\t<span class=\"elementor-counter-number-prefix\"><\/span>\n\t\t\t\t<span class=\"elementor-counter-number\" data-duration=\"2000\" data-to-value=\"4.9\" data-from-value=\"0\" data-delimiter=\",\">0<\/span>\n\t\t\t\t<span class=\"elementor-counter-number-suffix\"><\/span>\n\t\t\t<\/div>\n\t\t<\/div>\n\t\t\t\t\t\t<\/div>\n\t\t\t\t<\/div>\n\t\t\t\t<div class=\"elementor-element elementor-element-57f8cca elementor-widget elementor-widget-heading\" data-id=\"57f8cca\" data-element_type=\"widget\" data-widget_type=\"heading.default\">\n\t\t\t\t<div class=\"elementor-widget-container\">\n\t\t\t\t\t<h2 class=\"elementor-heading-title elementor-size-default\">2.600 RESE\u00d1AS <\/h2>\t\t\t\t<\/div>\n\t\t\t\t<\/div>\n\t\t\t\t<div class=\"elementor-element elementor-element-197ce98 elementor-star-rating--align-center elementor--star-style-star_fontawesome elementor-widget elementor-widget-star-rating\" data-id=\"197ce98\" data-element_type=\"widget\" data-widget_type=\"star-rating.default\">\n\t\t\t\t<div class=\"elementor-widget-container\">\n\t\t\t\t\t\n\t\t<div class=\"elementor-star-rating__wrapper\">\n\t\t\t\t\t\t<div class=\"elementor-star-rating\" title=\"4.9\/5\" itemtype=\"http:\/\/schema.org\/Rating\" itemscope=\"\" itemprop=\"reviewRating\"><i class=\"elementor-star-full\">&#xE933;<\/i><i class=\"elementor-star-full\">&#xE933;<\/i><i class=\"elementor-star-full\">&#xE933;<\/i><i class=\"elementor-star-full\">&#xE933;<\/i><i class=\"elementor-star-9\">&#xE933;<\/i> <span itemprop=\"ratingValue\" class=\"elementor-screen-only\">4.9\/5<\/span><\/div>\t\t<\/div>\n\t\t\t\t\t\t<\/div>\n\t\t\t\t<\/div>\n\t\t\t\t<div class=\"elementor-element elementor-element-20546ad elementor-widget elementor-widget-image\" data-id=\"20546ad\" data-element_type=\"widget\" data-widget_type=\"image.default\">\n\t\t\t\t<div class=\"elementor-widget-container\">\n\t\t\t\t\t\t\t\t\t\t\t\t\t\t\t<img decoding=\"async\" src=\"https:\/\/www.alcalainmobiliaria.com\/landing\/wp-content\/uploads\/elementor\/thumbs\/Google-Logo-q57a53go4naaoduqpb1rvmi0h0ela4o9eemi98u2mg.png\" title=\"Google-Logo\" alt=\"Google-Logo\" loading=\"lazy\" \/>\t\t\t\t\t\t\t\t\t\t\t\t\t\t\t<\/div>\n\t\t\t\t<\/div>\n\t\t\t\t<div class=\"elementor-element elementor-element-775120f elementor-shape-circle e-grid-align-mobile-center elementor-grid-0 e-grid-align-center elementor-widget elementor-widget-social-icons\" data-id=\"775120f\" data-element_type=\"widget\" data-widget_type=\"social-icons.default\">\n\t\t\t\t<div class=\"elementor-widget-container\">\n\t\t\t\t\t\t\t<div class=\"elementor-social-icons-wrapper elementor-grid\">\n\t\t\t\t\t\t\t<span class=\"elementor-grid-item\">\n\t\t\t\t\t<a class=\"elementor-icon elementor-social-icon elementor-social-icon-facebook-f elementor-repeater-item-41a22d8\" href=\"https:\/\/www.facebook.com\/AlcalaInmobiliaria\/\" target=\"_blank\">\n\t\t\t\t\t\t<span class=\"elementor-screen-only\">Facebook-f<\/span>\n\t\t\t\t\t\t<i class=\"fab fa-facebook-f\"><\/i>\t\t\t\t\t<\/a>\n\t\t\t\t<\/span>\n\t\t\t\t\t\t\t<span class=\"elementor-grid-item\">\n\t\t\t\t\t<a class=\"elementor-icon elementor-social-icon elementor-social-icon-instagram elementor-repeater-item-07332dd\" href=\"https:\/\/www.instagram.com\/alcalainmobiliaria\/\" target=\"_blank\">\n\t\t\t\t\t\t<span class=\"elementor-screen-only\">Instagram<\/span>\n\t\t\t\t\t\t<i class=\"fab fa-instagram\"><\/i>\t\t\t\t\t<\/a>\n\t\t\t\t<\/span>\n\t\t\t\t\t<\/div>\n\t\t\t\t\t\t<\/div>\n\t\t\t\t<\/div>\n\t\t\t\t<div class=\"elementor-element elementor-element-6880a3e elementor-widget elementor-widget-spacer\" data-id=\"6880a3e\" data-element_type=\"widget\" data-widget_type=\"spacer.default\">\n\t\t\t\t<div class=\"elementor-widget-container\">\n\t\t\t\t\t\t\t<div class=\"elementor-spacer\">\n\t\t\t<div class=\"elementor-spacer-inner\"><\/div>\n\t\t<\/div>\n\t\t\t\t\t\t<\/div>\n\t\t\t\t<\/div>\n\t\t\t\t<div class=\"elementor-element elementor-element-b3d8dd2 elementor-widget elementor-widget-text-editor\" data-id=\"b3d8dd2\" data-element_type=\"widget\" data-widget_type=\"text-editor.default\">\n\t\t\t\t<div class=\"elementor-widget-container\">\n\t\t\t\t\t\t\t\t\t<p><a href=\"https:\/\/alcalainmobiliaria.com\/politica-de-privacidad\" target=\"_blank\" rel=\"noopener\">POL\u00cdTICA DE PRIVACIDAD<\/a><\/p><p><a href=\"https:\/\/alcalainmobiliaria.com\/aviso-legal\" target=\"_blank\" rel=\"noopener\">AVISO LEGAL<\/a><\/p>\t\t\t\t\t\t\t\t<\/div>\n\t\t\t\t<\/div>\n\t\t\t\t\t<\/div>\n\t\t<\/div>\n\t\t\t\t\t<\/div>\n\t\t<\/section>\n\t\t\t\t<section class=\"elementor-section elementor-inner-section elementor-element elementor-element-c066870 elementor-section-boxed elementor-section-height-default elementor-section-height-default\" data-id=\"c066870\" data-element_type=\"section\">\n\t\t\t\t\t\t<div class=\"elementor-container elementor-column-gap-default\">\n\t\t\t\t\t<div class=\"elementor-column elementor-col-50 elementor-inner-column elementor-element elementor-element-0f8c3bd\" data-id=\"0f8c3bd\" data-element_type=\"column\">\n\t\t\t<div class=\"elementor-widget-wrap elementor-element-populated\">\n\t\t\t\t\t\t<div class=\"elementor-element elementor-element-cbaf2e3 elementor-widget elementor-widget-text-editor\" data-id=\"cbaf2e3\" data-element_type=\"widget\" data-widget_type=\"text-editor.default\">\n\t\t\t\t<div class=\"elementor-widget-container\">\n\t\t\t\t\t\t\t\t\t<p>\u00a0\u00a9 <a href=\"https:\/\/alcalainmobiliaria.com\/\" target=\"_blank\" rel=\"noopener\">Alcal\u00e1 Inmobiliaria<\/a>. Todos los derechos reservados.<\/p>\t\t\t\t\t\t\t\t<\/div>\n\t\t\t\t<\/div>\n\t\t\t\t\t<\/div>\n\t\t<\/div>\n\t\t\t\t<div class=\"elementor-column elementor-col-50 elementor-inner-column elementor-element elementor-element-aa27ee4\" data-id=\"aa27ee4\" data-element_type=\"column\">\n\t\t\t<div class=\"elementor-widget-wrap elementor-element-populated\">\n\t\t\t\t\t\t\t<\/div>\n\t\t<\/div>\n\t\t\t\t\t<\/div>\n\t\t<\/section>\n\t\t\t\t\t<\/div>\n\t\t<\/div>\n\t\t\t\t\t<\/div>\n\t\t<\/section>\n\t\t\t\t<section class=\"elementor-section elementor-top-section elementor-element elementor-element-55d7f8d elementor-section-boxed elementor-section-height-default elementor-section-height-default\" data-id=\"55d7f8d\" data-element_type=\"section\">\n\t\t\t\t\t\t<div class=\"elementor-container elementor-column-gap-default\">\n\t\t\t\t\t<div class=\"elementor-column elementor-col-100 elementor-top-column elementor-element elementor-element-6a39f03\" data-id=\"6a39f03\" data-element_type=\"column\">\n\t\t\t<div class=\"elementor-widget-wrap elementor-element-populated\">\n\t\t\t\t\t\t<div class=\"elementor-element elementor-element-3a80ae6 elementor-widget elementor-widget-image\" data-id=\"3a80ae6\" data-element_type=\"widget\" data-widget_type=\"image.default\">\n\t\t\t\t<div class=\"elementor-widget-container\">\n\t\t\t\t\t\t\t\t\t\t\t\t\t\t\t<img loading=\"lazy\" decoding=\"async\" width=\"800\" height=\"534\" src=\"https:\/\/www.alcalainmobiliaria.com\/landing\/wp-content\/uploads\/2025\/06\/IMG_6777-1024x683.jpg\" class=\"attachment-large size-large wp-image-2280\" alt=\"\" srcset=\"https:\/\/www.alcalainmobiliaria.com\/landing\/wp-content\/uploads\/2025\/06\/IMG_6777-1024x683.jpg 1024w, https:\/\/www.alcalainmobiliaria.com\/landing\/wp-content\/uploads\/2025\/06\/IMG_6777-300x200.jpg 300w, https:\/\/www.alcalainmobiliaria.com\/landing\/wp-content\/uploads\/2025\/06\/IMG_6777-768x512.jpg 768w, https:\/\/www.alcalainmobiliaria.com\/landing\/wp-content\/uploads\/2025\/06\/IMG_6777-1536x1024.jpg 1536w, https:\/\/www.alcalainmobiliaria.com\/landing\/wp-content\/uploads\/2025\/06\/IMG_6777-2048x1365.jpg 2048w\" sizes=\"(max-width: 800px) 100vw, 800px\" \/>\t\t\t\t\t\t\t\t\t\t\t\t\t\t\t<\/div>\n\t\t\t\t<\/div>\n\t\t\t\t\t<\/div>\n\t\t<\/div>\n\t\t\t\t\t<\/div>\n\t\t<\/section>\n\t\t\t\t<\/div>\n\t\t","protected":false},"excerpt":{"rendered":"<p>Ll\u00e1manos 918 87 70 41 El Balc\u00f3n de Villanueva 14 chalets pareados con el m\u00e1ximo confort, calidad y estilo de vida C\/CERRO DE HITA N\u00ba14 desde 285.000\u20ac Pide Precios, Planos y Memoria de calidades: Ubicaci\u00f3n inmejorable: C\/ Cerro de hita n\u00ba14, Villanueva de la Torre Superficie construida: 125 m\u00b2 distribuidos en 2 plantas. Parcela privada: [&hellip;]<\/p>\n","protected":false},"author":6,"featured_media":2124,"parent":0,"menu_order":0,"comment_status":"closed","ping_status":"closed","template":"elementor_canvas","meta":{"footnotes":""},"class_list":["post-2072","page","type-page","status-publish","has-post-thumbnail","hentry"],"yoast_head":"<!-- This site is optimized with the Yoast SEO plugin v26.5 - https:\/\/yoast.com\/wordpress\/plugins\/seo\/ -->\n<title>Villanueva de la Torre, chalets en Villanueva de la Torre<\/title>\n<meta name=\"description\" content=\"16 Chalets pareados dise\u00f1ados para ofrecer el m\u00e1ximo confort, calidad y estilo de vida. Solicita planos, precios y memoria de calidades.\" \/>\n<meta name=\"robots\" content=\"index, follow, max-snippet:-1, max-image-preview:large, max-video-preview:-1\" \/>\n<link rel=\"canonical\" href=\"https:\/\/www.alcalainmobiliaria.com\/landing\/el-balcon-de-villanueva\/\" \/>\n<meta property=\"og:locale\" content=\"es_ES\" \/>\n<meta property=\"og:type\" content=\"article\" \/>\n<meta property=\"og:title\" content=\"Villanueva de la Torre, chalets en Villanueva de la Torre\" \/>\n<meta property=\"og:description\" content=\"16 Chalets pareados dise\u00f1ados para ofrecer el m\u00e1ximo confort, calidad y estilo de vida. Solicita planos, precios y memoria de calidades.\" \/>\n<meta property=\"og:url\" content=\"https:\/\/www.alcalainmobiliaria.com\/landing\/el-balcon-de-villanueva\/\" \/>\n<meta property=\"og:site_name\" content=\"Alcal\u00e1 Inmobiliaria\" \/>\n<meta property=\"article:publisher\" content=\"https:\/\/www.facebook.com\/AlcalaInmobiliaria\" \/>\n<meta property=\"article:modified_time\" content=\"2025-06-25T07:35:56+00:00\" \/>\n<meta property=\"og:image\" content=\"https:\/\/www.alcalainmobiliaria.com\/landing\/wp-content\/uploads\/2025\/01\/IMG_1135-e1741080415126.jpg\" \/>\n\t<meta property=\"og:image:width\" content=\"900\" \/>\n\t<meta property=\"og:image:height\" content=\"398\" \/>\n\t<meta property=\"og:image:type\" content=\"image\/jpeg\" \/>\n<meta name=\"twitter:card\" content=\"summary_large_image\" \/>\n<meta name=\"twitter:title\" content=\"Villanueva de la Torre, chalets en Villanueva de la Torre\" \/>\n<meta name=\"twitter:description\" content=\"16 chalets pareados con el m\u00e1ximo confort, calidad y estilo de vida\" \/>\n<meta name=\"twitter:image\" content=\"https:\/\/www.alcalainmobiliaria.com\/landing\/wp-content\/uploads\/2025\/01\/IMG_1135-e1741080415126.jpg\" \/>\n<meta name=\"twitter:label1\" content=\"Tiempo de lectura\" \/>\n\t<meta name=\"twitter:data1\" content=\"6 minutos\" \/>\n<script type=\"application\/ld+json\" class=\"yoast-schema-graph\">{\"@context\":\"https:\/\/schema.org\",\"@graph\":[{\"@type\":[\"WebPage\",\"RealEstateListing\"],\"@id\":\"https:\/\/www.alcalainmobiliaria.com\/landing\/el-balcon-de-villanueva\/\",\"url\":\"https:\/\/www.alcalainmobiliaria.com\/landing\/el-balcon-de-villanueva\/\",\"name\":\"Villanueva de la Torre, chalets en Villanueva de la Torre\",\"isPartOf\":{\"@id\":\"https:\/\/www.alcalainmobiliaria.com\/landing\/#website\"},\"primaryImageOfPage\":{\"@id\":\"https:\/\/www.alcalainmobiliaria.com\/landing\/el-balcon-de-villanueva\/#primaryimage\"},\"image\":{\"@id\":\"https:\/\/www.alcalainmobiliaria.com\/landing\/el-balcon-de-villanueva\/#primaryimage\"},\"thumbnailUrl\":\"https:\/\/www.alcalainmobiliaria.com\/landing\/wp-content\/uploads\/2025\/01\/T_LEVANTA_230710_Cam_04_v5-scaled.jpg\",\"datePublished\":\"2025-01-14T18:09:34+00:00\",\"dateModified\":\"2025-06-25T07:35:56+00:00\",\"description\":\"16 Chalets pareados dise\u00f1ados para ofrecer el m\u00e1ximo confort, calidad y estilo de vida. Solicita planos, precios y memoria de calidades.\",\"breadcrumb\":{\"@id\":\"https:\/\/www.alcalainmobiliaria.com\/landing\/el-balcon-de-villanueva\/#breadcrumb\"},\"inLanguage\":\"es\",\"potentialAction\":[{\"@type\":\"ReadAction\",\"target\":[\"https:\/\/www.alcalainmobiliaria.com\/landing\/el-balcon-de-villanueva\/\"]}]},{\"@type\":\"ImageObject\",\"inLanguage\":\"es\",\"@id\":\"https:\/\/www.alcalainmobiliaria.com\/landing\/el-balcon-de-villanueva\/#primaryimage\",\"url\":\"https:\/\/www.alcalainmobiliaria.com\/landing\/wp-content\/uploads\/2025\/01\/T_LEVANTA_230710_Cam_04_v5-scaled.jpg\",\"contentUrl\":\"https:\/\/www.alcalainmobiliaria.com\/landing\/wp-content\/uploads\/2025\/01\/T_LEVANTA_230710_Cam_04_v5-scaled.jpg\",\"width\":2560,\"height\":1536},{\"@type\":\"BreadcrumbList\",\"@id\":\"https:\/\/www.alcalainmobiliaria.com\/landing\/el-balcon-de-villanueva\/#breadcrumb\",\"itemListElement\":[{\"@type\":\"ListItem\",\"position\":1,\"name\":\"Portada\",\"item\":\"https:\/\/www.alcalainmobiliaria.com\/landing\/\"},{\"@type\":\"ListItem\",\"position\":2,\"name\":\"El balcon de Villanueva\"}]},{\"@type\":\"WebSite\",\"@id\":\"https:\/\/www.alcalainmobiliaria.com\/landing\/#website\",\"url\":\"https:\/\/www.alcalainmobiliaria.com\/landing\/\",\"name\":\"Alcal\u00e1 Inmobiliaria\",\"description\":\"Tu agencia inmobiliaria en Alcal\u00e1 y el Corredor del Henares\",\"publisher\":{\"@id\":\"https:\/\/www.alcalainmobiliaria.com\/landing\/#organization\"},\"potentialAction\":[{\"@type\":\"SearchAction\",\"target\":{\"@type\":\"EntryPoint\",\"urlTemplate\":\"https:\/\/www.alcalainmobiliaria.com\/landing\/?s={search_term_string}\"},\"query-input\":{\"@type\":\"PropertyValueSpecification\",\"valueRequired\":true,\"valueName\":\"search_term_string\"}}],\"inLanguage\":\"es\"},{\"@type\":\"Organization\",\"@id\":\"https:\/\/www.alcalainmobiliaria.com\/landing\/#organization\",\"name\":\"Alcal\u00e1 Inmobiliaria\",\"url\":\"https:\/\/www.alcalainmobiliaria.com\/landing\/\",\"logo\":{\"@type\":\"ImageObject\",\"inLanguage\":\"es\",\"@id\":\"https:\/\/www.alcalainmobiliaria.com\/landing\/#\/schema\/logo\/image\/\",\"url\":\"https:\/\/www.alcalainmobiliaria.com\/landing\/wp-content\/uploads\/2021\/04\/AlcalaInmobiliaria-Logo-Horizontal.png\",\"contentUrl\":\"https:\/\/www.alcalainmobiliaria.com\/landing\/wp-content\/uploads\/2021\/04\/AlcalaInmobiliaria-Logo-Horizontal.png\",\"width\":845,\"height\":241,\"caption\":\"Alcal\u00e1 Inmobiliaria\"},\"image\":{\"@id\":\"https:\/\/www.alcalainmobiliaria.com\/landing\/#\/schema\/logo\/image\/\"},\"sameAs\":[\"https:\/\/www.facebook.com\/AlcalaInmobiliaria\",\"https:\/\/www.instagram.com\/alcalainmobiliaria\/\"]}]}<\/script>\n<!-- \/ Yoast SEO plugin. -->","yoast_head_json":{"title":"Villanueva de la Torre, chalets en Villanueva de la Torre","description":"16 Chalets pareados dise\u00f1ados para ofrecer el m\u00e1ximo confort, calidad y estilo de vida. Solicita planos, precios y memoria de calidades.","robots":{"index":"index","follow":"follow","max-snippet":"max-snippet:-1","max-image-preview":"max-image-preview:large","max-video-preview":"max-video-preview:-1"},"canonical":"https:\/\/www.alcalainmobiliaria.com\/landing\/el-balcon-de-villanueva\/","og_locale":"es_ES","og_type":"article","og_title":"Villanueva de la Torre, chalets en Villanueva de la Torre","og_description":"16 Chalets pareados dise\u00f1ados para ofrecer el m\u00e1ximo confort, calidad y estilo de vida. Solicita planos, precios y memoria de calidades.","og_url":"https:\/\/www.alcalainmobiliaria.com\/landing\/el-balcon-de-villanueva\/","og_site_name":"Alcal\u00e1 Inmobiliaria","article_publisher":"https:\/\/www.facebook.com\/AlcalaInmobiliaria","article_modified_time":"2025-06-25T07:35:56+00:00","og_image":[{"width":900,"height":398,"url":"https:\/\/www.alcalainmobiliaria.com\/landing\/wp-content\/uploads\/2025\/01\/IMG_1135-e1741080415126.jpg","type":"image\/jpeg"}],"twitter_card":"summary_large_image","twitter_title":"Villanueva de la Torre, chalets en Villanueva de la Torre","twitter_description":"16 chalets pareados con el m\u00e1ximo confort, calidad y estilo de vida","twitter_image":"https:\/\/www.alcalainmobiliaria.com\/landing\/wp-content\/uploads\/2025\/01\/IMG_1135-e1741080415126.jpg","twitter_misc":{"Tiempo de lectura":"6 minutos"},"schema":{"@context":"https:\/\/schema.org","@graph":[{"@type":["WebPage","RealEstateListing"],"@id":"https:\/\/www.alcalainmobiliaria.com\/landing\/el-balcon-de-villanueva\/","url":"https:\/\/www.alcalainmobiliaria.com\/landing\/el-balcon-de-villanueva\/","name":"Villanueva de la Torre, chalets en Villanueva de la Torre","isPartOf":{"@id":"https:\/\/www.alcalainmobiliaria.com\/landing\/#website"},"primaryImageOfPage":{"@id":"https:\/\/www.alcalainmobiliaria.com\/landing\/el-balcon-de-villanueva\/#primaryimage"},"image":{"@id":"https:\/\/www.alcalainmobiliaria.com\/landing\/el-balcon-de-villanueva\/#primaryimage"},"thumbnailUrl":"https:\/\/www.alcalainmobiliaria.com\/landing\/wp-content\/uploads\/2025\/01\/T_LEVANTA_230710_Cam_04_v5-scaled.jpg","datePublished":"2025-01-14T18:09:34+00:00","dateModified":"2025-06-25T07:35:56+00:00","description":"16 Chalets pareados dise\u00f1ados para ofrecer el m\u00e1ximo confort, calidad y estilo de vida. Solicita planos, precios y memoria de calidades.","breadcrumb":{"@id":"https:\/\/www.alcalainmobiliaria.com\/landing\/el-balcon-de-villanueva\/#breadcrumb"},"inLanguage":"es","potentialAction":[{"@type":"ReadAction","target":["https:\/\/www.alcalainmobiliaria.com\/landing\/el-balcon-de-villanueva\/"]}]},{"@type":"ImageObject","inLanguage":"es","@id":"https:\/\/www.alcalainmobiliaria.com\/landing\/el-balcon-de-villanueva\/#primaryimage","url":"https:\/\/www.alcalainmobiliaria.com\/landing\/wp-content\/uploads\/2025\/01\/T_LEVANTA_230710_Cam_04_v5-scaled.jpg","contentUrl":"https:\/\/www.alcalainmobiliaria.com\/landing\/wp-content\/uploads\/2025\/01\/T_LEVANTA_230710_Cam_04_v5-scaled.jpg","width":2560,"height":1536},{"@type":"BreadcrumbList","@id":"https:\/\/www.alcalainmobiliaria.com\/landing\/el-balcon-de-villanueva\/#breadcrumb","itemListElement":[{"@type":"ListItem","position":1,"name":"Portada","item":"https:\/\/www.alcalainmobiliaria.com\/landing\/"},{"@type":"ListItem","position":2,"name":"El balcon de Villanueva"}]},{"@type":"WebSite","@id":"https:\/\/www.alcalainmobiliaria.com\/landing\/#website","url":"https:\/\/www.alcalainmobiliaria.com\/landing\/","name":"Alcal\u00e1 Inmobiliaria","description":"Tu agencia inmobiliaria en Alcal\u00e1 y el Corredor del Henares","publisher":{"@id":"https:\/\/www.alcalainmobiliaria.com\/landing\/#organization"},"potentialAction":[{"@type":"SearchAction","target":{"@type":"EntryPoint","urlTemplate":"https:\/\/www.alcalainmobiliaria.com\/landing\/?s={search_term_string}"},"query-input":{"@type":"PropertyValueSpecification","valueRequired":true,"valueName":"search_term_string"}}],"inLanguage":"es"},{"@type":"Organization","@id":"https:\/\/www.alcalainmobiliaria.com\/landing\/#organization","name":"Alcal\u00e1 Inmobiliaria","url":"https:\/\/www.alcalainmobiliaria.com\/landing\/","logo":{"@type":"ImageObject","inLanguage":"es","@id":"https:\/\/www.alcalainmobiliaria.com\/landing\/#\/schema\/logo\/image\/","url":"https:\/\/www.alcalainmobiliaria.com\/landing\/wp-content\/uploads\/2021\/04\/AlcalaInmobiliaria-Logo-Horizontal.png","contentUrl":"https:\/\/www.alcalainmobiliaria.com\/landing\/wp-content\/uploads\/2021\/04\/AlcalaInmobiliaria-Logo-Horizontal.png","width":845,"height":241,"caption":"Alcal\u00e1 Inmobiliaria"},"image":{"@id":"https:\/\/www.alcalainmobiliaria.com\/landing\/#\/schema\/logo\/image\/"},"sameAs":["https:\/\/www.facebook.com\/AlcalaInmobiliaria","https:\/\/www.instagram.com\/alcalainmobiliaria\/"]}]}},"_links":{"self":[{"href":"https:\/\/www.alcalainmobiliaria.com\/landing\/wp-json\/wp\/v2\/pages\/2072","targetHints":{"allow":["GET"]}}],"collection":[{"href":"https:\/\/www.alcalainmobiliaria.com\/landing\/wp-json\/wp\/v2\/pages"}],"about":[{"href":"https:\/\/www.alcalainmobiliaria.com\/landing\/wp-json\/wp\/v2\/types\/page"}],"author":[{"embeddable":true,"href":"https:\/\/www.alcalainmobiliaria.com\/landing\/wp-json\/wp\/v2\/users\/6"}],"replies":[{"embeddable":true,"href":"https:\/\/www.alcalainmobiliaria.com\/landing\/wp-json\/wp\/v2\/comments?post=2072"}],"version-history":[{"count":72,"href":"https:\/\/www.alcalainmobiliaria.com\/landing\/wp-json\/wp\/v2\/pages\/2072\/revisions"}],"predecessor-version":[{"id":2301,"href":"https:\/\/www.alcalainmobiliaria.com\/landing\/wp-json\/wp\/v2\/pages\/2072\/revisions\/2301"}],"wp:featuredmedia":[{"embeddable":true,"href":"https:\/\/www.alcalainmobiliaria.com\/landing\/wp-json\/wp\/v2\/media\/2124"}],"wp:attachment":[{"href":"https:\/\/www.alcalainmobiliaria.com\/landing\/wp-json\/wp\/v2\/media?parent=2072"}],"curies":[{"name":"wp","href":"https:\/\/api.w.org\/{rel}","templated":true}]}}